{"id":124,"date":"2022-09-13T07:23:23","date_gmt":"2022-09-13T04:23:23","guid":{"rendered":"https:\/\/help.jamk.fi\/digikeskus\/podcast-poyta\/"},"modified":"2026-08-26T14:20:02","modified_gmt":"2026-08-26T11:20:02","slug":"podcast-poyta","status":"publish","type":"page","link":"https:\/\/help.jamk.fi\/digikeskus\/fi\/podcast\/podcast-poyta\/","title":{"rendered":"Tuberoom Black"},"content":{"rendered":"\n<figure class=\"wp-block-image size-large\"><img loading=\"lazy\" decoding=\"async\" width=\"1024\" height=\"769\" src=\"https:\/\/help.jamk.fi\/digikeskus\/wp-content\/uploads\/sites\/91\/2026\/08\/P8115319-1-1024x769.jpg\" alt=\"\" class=\"wp-image-720\" srcset=\"https:\/\/help.jamk.fi\/digikeskus\/wp-content\/uploads\/sites\/91\/2026\/08\/P8115319-1-1024x769.jpg 1024w, https:\/\/help.jamk.fi\/digikeskus\/wp-content\/uploads\/sites\/91\/2026\/08\/P8115319-1-300x225.jpg 300w, https:\/\/help.jamk.fi\/digikeskus\/wp-content\/uploads\/sites\/91\/2026\/08\/P8115319-1-768x576.jpg 768w, https:\/\/help.jamk.fi\/digikeskus\/wp-content\/uploads\/sites\/91\/2026\/08\/P8115319-1-1536x1153.jpg 1536w, https:\/\/help.jamk.fi\/digikeskus\/wp-content\/uploads\/sites\/91\/2026\/08\/P8115319-1.jpg 1920w\" sizes=\"auto, (max-width: 1024px) 100vw, 1024px\" \/><figcaption class=\"wp-element-caption\">Digikeskuksen podcast-p\u00f6yt\u00e4<\/figcaption><\/figure>\n\n\n\n<p>Digikeskuksen Tuberoom Blackista l\u00f6ytyy podcastien ja \u00e4\u00e4nitallenteiden tekoon tarkoitettu  p\u00f6yt\u00e4, jossa on asennettuna podcast-mikseri, nelj\u00e4 mikrofonia kiinnitysvarsineen sek\u00e4 kuulokkeet. P\u00f6yd\u00e4ss\u00e4 on korkeuss\u00e4\u00e4d\u00f6t. Ensimm\u00e4iselle k\u00e4ytt\u00f6kerralle kannattaa varata perehdytys digikeskuksen henkil\u00f6kunnalta. P\u00f6yt\u00e4\u00e4 p\u00e4\u00e4see k\u00e4ytt\u00e4m\u00e4\u00e4n varaamalla tilan Outlookin kalenterista. Tilaa on alettu kutsua Tuberoomin sijaan Tuberadioksi. Ehk\u00e4p\u00e4 nimi &#8221;virallistuu&#8221; l\u00e4hitulevaisuudessa.<\/p>\n\n\n\n<p>Tutustu <a href=\"https:\/\/panopto.jamk.fi\/Panopto\/Pages\/Viewer.aspx?id=9b1f4986-aebb-4362-a267-ae2800e057cf\">Podcast-p\u00f6yd\u00e4n ominaisuuksien esittely<\/a> -videoon.<\/p>\n\n\n\n<p>Samanlaisia podcast-p\u00f6yti\u00e4 l\u00f6ytyy my\u00f6s muilta kampuksilta, yksi Dynamolta ja yksi Tiimiakatemialta Kankaan kampukselta. Ne varataan Pepin kautta.<\/p>\n\n\n\n<p>Voit itse varata neuvottelu- ja ohjaustiloja Outlookista. Muut tilat varataan Pepist\u00e4. Jos varausoikeutesi eiv\u00e4t riit\u00e4 varaamaan Pepist\u00e4 tiloja, ota yhteys yksikk\u00f6si koulutuskoordinaattoriin.<\/p>\n\n\n\n<p>Podcast-p\u00f6yd\u00e4n kokoonpano:<\/p>\n\n\n\n<p>liikuteltava korkeuss\u00e4\u00e4dett\u00e4v\u00e4 neli\u00f6n muotoinen p\u00f6yt\u00e4<\/p>\n\n\n\n<ul class=\"wp-block-list\">\n<li>1 kpl Rode Podcaster Pro II mikseri<\/li>\n\n\n\n<li>4 kpl Rode <a href=\"https:\/\/rode.com\/en\/microphones\/broadcast\/podmic\">Podmic<\/a> mikrofoneja<\/li>\n\n\n\n<li>4 kpl Rode <a href=\"https:\/\/rode.com\/en\/accessories\/stands-bars\/psa1\">PSA1<\/a> varsia<\/li>\n\n\n\n<li>1 kpl muistikorttilukija<\/li>\n\n\n\n<li>1 kpl RodeCaster Video -videomikseri ja tallennin<\/li>\n\n\n\n<li>2 kpl PTZ-kameroita<\/li>\n\n\n\n<li>1 webkamera<\/li>\n<\/ul>\n\n\n\n<p><\/p>\n","protected":false},"excerpt":{"rendered":"<p>Digikeskuksen Tuberoom Blackista l\u00f6ytyy podcastien ja \u00e4\u00e4nitallenteiden tekoon tarkoitettu p\u00f6yt\u00e4, jossa on asennettuna podcast-mikseri, nelj\u00e4 mikrofonia kiinnitysvarsineen sek\u00e4 kuulokkeet. P\u00f6yd\u00e4ss\u00e4 on korkeuss\u00e4\u00e4d\u00f6t. Ensimm\u00e4iselle k\u00e4ytt\u00f6kerralle kannattaa varata perehdytys digikeskuksen henkil\u00f6kunnalta. P\u00f6yt\u00e4\u00e4 p\u00e4\u00e4see k\u00e4ytt\u00e4m\u00e4\u00e4n varaamalla tilan Outlookin kalenterista. Tilaa on alettu kutsua Tuberoomin sijaan Tuberadioksi. Ehk\u00e4p\u00e4 nimi &#8221;virallistuu&#8221; l\u00e4hitulevaisuudessa. Tutustu Podcast-p\u00f6yd\u00e4n ominaisuuksien esittely -videoon. Samanlaisia podcast-p\u00f6yti\u00e4 l\u00f6ytyy [&hellip;]<\/p>\n","protected":false},"author":74,"featured_media":0,"parent":133,"menu_order":0,"comment_status":"closed","ping_status":"closed","template":"","meta":{"_acf_changed":false,"_relevanssi_hide_post":"","_relevanssi_hide_content":"","_relevanssi_pin_for_all":"","_relevanssi_pin_keywords":"","_relevanssi_unpin_keywords":"","_relevanssi_related_keywords":"","_relevanssi_related_include_ids":"","_relevanssi_related_exclude_ids":"","_relevanssi_related_no_append":"","_relevanssi_related_not_related":"","_relevanssi_related_posts":"","_relevanssi_noindex_reason":"","footnotes":""},"categories":[],"tags":[],"class_list":["post-124","page","type-page","status-publish","hentry"],"acf":[],"yoast_head":"<!-- This site is optimized with the Yoast SEO plugin v28.4 - https:\/\/yoast.com\/product\/yoast-seo-wordpress\/ -->\n<title>Tuberoom Black - Digikeskus<\/title>\n<meta name=\"robots\" content=\"index, follow, max-snippet:-1, max-image-preview:large, max-video-preview:-1\" \/>\n<link rel=\"canonical\" href=\"https:\/\/help.jamk.fi\/digikeskus\/fi\/podcast\/podcast-poyta\/\" \/>\n<meta property=\"og:locale\" content=\"fi_FI\" \/>\n<meta property=\"og:type\" content=\"article\" \/>\n<meta property=\"og:title\" content=\"Tuberoom Black - Digikeskus\" \/>\n<meta property=\"og:description\" content=\"Digikeskuksen Tuberoom Blackista l\u00f6ytyy podcastien ja \u00e4\u00e4nitallenteiden tekoon tarkoitettu p\u00f6yt\u00e4, jossa on asennettuna podcast-mikseri, nelj\u00e4 mikrofonia kiinnitysvarsineen sek\u00e4 kuulokkeet. P\u00f6yd\u00e4ss\u00e4 on korkeuss\u00e4\u00e4d\u00f6t. Ensimm\u00e4iselle k\u00e4ytt\u00f6kerralle kannattaa varata perehdytys digikeskuksen henkil\u00f6kunnalta. P\u00f6yt\u00e4\u00e4 p\u00e4\u00e4see k\u00e4ytt\u00e4m\u00e4\u00e4n varaamalla tilan Outlookin kalenterista. Tilaa on alettu kutsua Tuberoomin sijaan Tuberadioksi. Ehk\u00e4p\u00e4 nimi &#8221;virallistuu&#8221; l\u00e4hitulevaisuudessa. Tutustu Podcast-p\u00f6yd\u00e4n ominaisuuksien esittely -videoon. Samanlaisia podcast-p\u00f6yti\u00e4 l\u00f6ytyy [&hellip;]\" \/>\n<meta property=\"og:url\" content=\"https:\/\/help.jamk.fi\/digikeskus\/fi\/podcast\/podcast-poyta\/\" \/>\n<meta property=\"og:site_name\" content=\"Digikeskus\" \/>\n<meta property=\"article:modified_time\" content=\"2026-08-26T11:20:02+00:00\" \/>\n<meta property=\"og:image\" content=\"https:\/\/help.jamk.fi\/digikeskus\/wp-content\/uploads\/sites\/91\/2026\/08\/P8115319-1.jpg\" \/>\n\t<meta property=\"og:image:width\" content=\"1920\" \/>\n\t<meta property=\"og:image:height\" content=\"1441\" \/>\n\t<meta property=\"og:image:type\" content=\"image\/jpeg\" \/>\n<meta name=\"twitter:card\" content=\"summary_large_image\" \/>\n<meta name=\"twitter:label1\" content=\"Arvioitu lukuaika\" \/>\n\t<meta name=\"twitter:data1\" content=\"2 minuuttia\" \/>\n<script type=\"application\/ld+json\" class=\"yoast-schema-graph\">{\"@context\":\"https:\\\/\\\/schema.org\",\"@graph\":[{\"@type\":\"WebPage\",\"@id\":\"https:\\\/\\\/help.jamk.fi\\\/digikeskus\\\/fi\\\/podcast\\\/podcast-poyta\\\/\",\"url\":\"https:\\\/\\\/help.jamk.fi\\\/digikeskus\\\/fi\\\/podcast\\\/podcast-poyta\\\/\",\"name\":\"Tuberoom Black - Digikeskus\",\"isPartOf\":{\"@id\":\"https:\\\/\\\/help.jamk.fi\\\/digikeskus\\\/#website\"},\"primaryImageOfPage\":{\"@id\":\"https:\\\/\\\/help.jamk.fi\\\/digikeskus\\\/fi\\\/podcast\\\/podcast-poyta\\\/#primaryimage\"},\"image\":{\"@id\":\"https:\\\/\\\/help.jamk.fi\\\/digikeskus\\\/fi\\\/podcast\\\/podcast-poyta\\\/#primaryimage\"},\"thumbnailUrl\":\"https:\\\/\\\/help.jamk.fi\\\/digikeskus\\\/wp-content\\\/uploads\\\/sites\\\/91\\\/2026\\\/08\\\/P8115319-1-1024x769.jpg\",\"datePublished\":\"2022-09-13T04:23:23+00:00\",\"dateModified\":\"2026-08-26T11:20:02+00:00\",\"breadcrumb\":{\"@id\":\"https:\\\/\\\/help.jamk.fi\\\/digikeskus\\\/fi\\\/podcast\\\/podcast-poyta\\\/#breadcrumb\"},\"inLanguage\":\"fi\",\"potentialAction\":[{\"@type\":\"ReadAction\",\"target\":[\"https:\\\/\\\/help.jamk.fi\\\/digikeskus\\\/fi\\\/podcast\\\/podcast-poyta\\\/\"]}]},{\"@type\":\"ImageObject\",\"inLanguage\":\"fi\",\"@id\":\"https:\\\/\\\/help.jamk.fi\\\/digikeskus\\\/fi\\\/podcast\\\/podcast-poyta\\\/#primaryimage\",\"url\":\"https:\\\/\\\/help.jamk.fi\\\/digikeskus\\\/wp-content\\\/uploads\\\/sites\\\/91\\\/2026\\\/08\\\/P8115319-1.jpg\",\"contentUrl\":\"https:\\\/\\\/help.jamk.fi\\\/digikeskus\\\/wp-content\\\/uploads\\\/sites\\\/91\\\/2026\\\/08\\\/P8115319-1.jpg\",\"width\":1920,\"height\":1441},{\"@type\":\"BreadcrumbList\",\"@id\":\"https:\\\/\\\/help.jamk.fi\\\/digikeskus\\\/fi\\\/podcast\\\/podcast-poyta\\\/#breadcrumb\",\"itemListElement\":[{\"@type\":\"ListItem\",\"position\":1,\"name\":\"Etusivu\",\"item\":\"https:\\\/\\\/help.jamk.fi\\\/digikeskus\\\/fi\\\/\"},{\"@type\":\"ListItem\",\"position\":2,\"name\":\"Podcast\",\"item\":\"https:\\\/\\\/help.jamk.fi\\\/digikeskus\\\/fi\\\/podcast\\\/\"},{\"@type\":\"ListItem\",\"position\":3,\"name\":\"Tuberoom Black\"}]},{\"@type\":\"WebSite\",\"@id\":\"https:\\\/\\\/help.jamk.fi\\\/digikeskus\\\/#website\",\"url\":\"https:\\\/\\\/help.jamk.fi\\\/digikeskus\\\/\",\"name\":\"Digikeskus\",\"description\":\"\",\"potentialAction\":[{\"@type\":\"SearchAction\",\"target\":{\"@type\":\"EntryPoint\",\"urlTemplate\":\"https:\\\/\\\/help.jamk.fi\\\/digikeskus\\\/?s={search_term_string}\"},\"query-input\":{\"@type\":\"PropertyValueSpecification\",\"valueRequired\":true,\"valueName\":\"search_term_string\"}}],\"inLanguage\":\"fi\"}]}<\/script>\n<!-- \/ Yoast SEO plugin. -->","yoast_head_json":{"title":"Tuberoom Black - Digikeskus","robots":{"index":"index","follow":"follow","max-snippet":"max-snippet:-1","max-image-preview":"max-image-preview:large","max-video-preview":"max-video-preview:-1"},"canonical":"https:\/\/help.jamk.fi\/digikeskus\/fi\/podcast\/podcast-poyta\/","og_locale":"fi_FI","og_type":"article","og_title":"Tuberoom Black - Digikeskus","og_description":"Digikeskuksen Tuberoom Blackista l\u00f6ytyy podcastien ja \u00e4\u00e4nitallenteiden tekoon tarkoitettu p\u00f6yt\u00e4, jossa on asennettuna podcast-mikseri, nelj\u00e4 mikrofonia kiinnitysvarsineen sek\u00e4 kuulokkeet. P\u00f6yd\u00e4ss\u00e4 on korkeuss\u00e4\u00e4d\u00f6t. Ensimm\u00e4iselle k\u00e4ytt\u00f6kerralle kannattaa varata perehdytys digikeskuksen henkil\u00f6kunnalta. P\u00f6yt\u00e4\u00e4 p\u00e4\u00e4see k\u00e4ytt\u00e4m\u00e4\u00e4n varaamalla tilan Outlookin kalenterista. Tilaa on alettu kutsua Tuberoomin sijaan Tuberadioksi. Ehk\u00e4p\u00e4 nimi &#8221;virallistuu&#8221; l\u00e4hitulevaisuudessa. Tutustu Podcast-p\u00f6yd\u00e4n ominaisuuksien esittely -videoon. Samanlaisia podcast-p\u00f6yti\u00e4 l\u00f6ytyy [&hellip;]","og_url":"https:\/\/help.jamk.fi\/digikeskus\/fi\/podcast\/podcast-poyta\/","og_site_name":"Digikeskus","article_modified_time":"2026-08-26T11:20:02+00:00","og_image":[{"width":1920,"height":1441,"url":"https:\/\/help.jamk.fi\/digikeskus\/wp-content\/uploads\/sites\/91\/2026\/08\/P8115319-1.jpg","type":"image\/jpeg"}],"twitter_card":"summary_large_image","twitter_misc":{"Arvioitu lukuaika":"2 minuuttia"},"schema":{"@context":"https:\/\/schema.org","@graph":[{"@type":"WebPage","@id":"https:\/\/help.jamk.fi\/digikeskus\/fi\/podcast\/podcast-poyta\/","url":"https:\/\/help.jamk.fi\/digikeskus\/fi\/podcast\/podcast-poyta\/","name":"Tuberoom Black - Digikeskus","isPartOf":{"@id":"https:\/\/help.jamk.fi\/digikeskus\/#website"},"primaryImageOfPage":{"@id":"https:\/\/help.jamk.fi\/digikeskus\/fi\/podcast\/podcast-poyta\/#primaryimage"},"image":{"@id":"https:\/\/help.jamk.fi\/digikeskus\/fi\/podcast\/podcast-poyta\/#primaryimage"},"thumbnailUrl":"https:\/\/help.jamk.fi\/digikeskus\/wp-content\/uploads\/sites\/91\/2026\/08\/P8115319-1-1024x769.jpg","datePublished":"2022-09-13T04:23:23+00:00","dateModified":"2026-08-26T11:20:02+00:00","breadcrumb":{"@id":"https:\/\/help.jamk.fi\/digikeskus\/fi\/podcast\/podcast-poyta\/#breadcrumb"},"inLanguage":"fi","potentialAction":[{"@type":"ReadAction","target":["https:\/\/help.jamk.fi\/digikeskus\/fi\/podcast\/podcast-poyta\/"]}]},{"@type":"ImageObject","inLanguage":"fi","@id":"https:\/\/help.jamk.fi\/digikeskus\/fi\/podcast\/podcast-poyta\/#primaryimage","url":"https:\/\/help.jamk.fi\/digikeskus\/wp-content\/uploads\/sites\/91\/2026\/08\/P8115319-1.jpg","contentUrl":"https:\/\/help.jamk.fi\/digikeskus\/wp-content\/uploads\/sites\/91\/2026\/08\/P8115319-1.jpg","width":1920,"height":1441},{"@type":"BreadcrumbList","@id":"https:\/\/help.jamk.fi\/digikeskus\/fi\/podcast\/podcast-poyta\/#breadcrumb","itemListElement":[{"@type":"ListItem","position":1,"name":"Etusivu","item":"https:\/\/help.jamk.fi\/digikeskus\/fi\/"},{"@type":"ListItem","position":2,"name":"Podcast","item":"https:\/\/help.jamk.fi\/digikeskus\/fi\/podcast\/"},{"@type":"ListItem","position":3,"name":"Tuberoom Black"}]},{"@type":"WebSite","@id":"https:\/\/help.jamk.fi\/digikeskus\/#website","url":"https:\/\/help.jamk.fi\/digikeskus\/","name":"Digikeskus","description":"","potentialAction":[{"@type":"SearchAction","target":{"@type":"EntryPoint","urlTemplate":"https:\/\/help.jamk.fi\/digikeskus\/?s={search_term_string}"},"query-input":{"@type":"PropertyValueSpecification","valueRequired":true,"valueName":"search_term_string"}}],"inLanguage":"fi"}]}},"_links":{"self":[{"href":"https:\/\/help.jamk.fi\/digikeskus\/wp-json\/wp\/v2\/pages\/124","targetHints":{"allow":["GET"]}}],"collection":[{"href":"https:\/\/help.jamk.fi\/digikeskus\/wp-json\/wp\/v2\/pages"}],"about":[{"href":"https:\/\/help.jamk.fi\/digikeskus\/wp-json\/wp\/v2\/types\/page"}],"author":[{"embeddable":true,"href":"https:\/\/help.jamk.fi\/digikeskus\/wp-json\/wp\/v2\/users\/74"}],"replies":[{"embeddable":true,"href":"https:\/\/help.jamk.fi\/digikeskus\/wp-json\/wp\/v2\/comments?post=124"}],"version-history":[{"count":11,"href":"https:\/\/help.jamk.fi\/digikeskus\/wp-json\/wp\/v2\/pages\/124\/revisions"}],"predecessor-version":[{"id":737,"href":"https:\/\/help.jamk.fi\/digikeskus\/wp-json\/wp\/v2\/pages\/124\/revisions\/737"}],"up":[{"embeddable":true,"href":"https:\/\/help.jamk.fi\/digikeskus\/wp-json\/wp\/v2\/pages\/133"}],"wp:attachment":[{"href":"https:\/\/help.jamk.fi\/digikeskus\/wp-json\/wp\/v2\/media?parent=124"}],"wp:term":[{"taxonomy":"category","embeddable":true,"href":"https:\/\/help.jamk.fi\/digikeskus\/wp-json\/wp\/v2\/categories?post=124"},{"taxonomy":"post_tag","embeddable":true,"href":"https:\/\/help.jamk.fi\/digikeskus\/wp-json\/wp\/v2\/tags?post=124"}],"curies":[{"name":"wp","href":"https:\/\/api.w.org\/{rel}","templated":true}]}}